{"id":981,"date":"2021-10-01T14:08:54","date_gmt":"2021-10-01T14:08:54","guid":{"rendered":"http:\/\/layana.begueria.es\/?page_id=981"},"modified":"2021-10-01T17:46:09","modified_gmt":"2021-10-01T17:46:09","slug":"videos-editados-por-mab","status":"publish","type":"page","link":"https:\/\/layana.begueria.es\/?page_id=981","title":{"rendered":"VIDEOS EDITADOS POR MAB"},"content":{"rendered":"\n<div class=\"twitterbutton\" style=\"float: right; padding-left: 5px;\"><a href=\"http:\/\/twitter.com\/share\" class=\"twitter-share-button\" data-count=\"none\" data-text=\"VIDEOS EDITADOS POR MAB\" data-via=\"mabegueriagmail.com\" data-url=\"https:\/\/layana.begueria.es\/?page_id=981\" data-lang=\"en\" data-related=\":Layana, un pueblo de Arag\u00f3n\"><\/a><\/div>\n<div class=\"wp-block-buttons is-layout-flex wp-block-buttons-is-layout-flex\"><\/div>\n\n\n\n<p>Se presentan los videos que he ido grabando para distintos fines, incluyendo los did\u00e1cticos dirigidos a mis nietos que quer\u00edan aprender m\u00fasica.<\/p>\n\n\n\n<div class=\"wp-block-buttons is-layout-flex wp-block-buttons-is-layout-flex\"><\/div>\n\n\n\n<figure class=\"wp-block-table\"><table><tbody><tr><td><br \/><div class=\"yrc-shell-cover \" data-yrc-uid=\"69ee1e887f72b\" data-yrc-channel=\"{&quot;meta&quot;:{&quot;user&quot;:&quot;Mi m\\u00fasica&quot;,&quot;channel&quot;:&quot;UCYSpPIr6qY0CGb-9rdCqVEQ&quot;,&quot;key&quot;:&quot;yrc_1633110296&quot;,&quot;apikey&quot;:&quot;AIzaSyCtCVDkGaoIu7wcr-QCuM0vPdNIZNKlqCs&quot;,&quot;cache&quot;:&quot;1440&quot;,&quot;channel_uploads&quot;:&quot;UUYSpPIr6qY0CGb-9rdCqVEQ&quot;,&quot;onlyonce&quot;:&quot;&quot;,&quot;tag&quot;:&quot;&quot;,&quot;per_page&quot;:&quot;24&quot;,&quot;maxv&quot;:&quot;500&quot;,&quot;consent&quot;:{&quot;ask&quot;:&quot;&quot;,&quot;url&quot;:&quot;&quot;},&quot;ads&quot;:&quot;1&quot;,&quot;uid&quot;:&quot;69ee1e887f72b&quot;,&quot;nocookie&quot;:&quot;&quot;},&quot;style&quot;:{&quot;colors&quot;:{&quot;item&quot;:{&quot;background&quot;:&quot;inherit&quot;},&quot;button&quot;:{&quot;background&quot;:&quot;#333&quot;,&quot;color&quot;:&quot;#fff&quot;},&quot;color&quot;:{&quot;text&quot;:&quot;#fff&quot;,&quot;link&quot;:&quot;inherit&quot;,&quot;menu&quot;:&quot;#000&quot;,&quot;meta&quot;:&quot;inherit&quot;}},&quot;theme&quot;:{&quot;videos&quot;:{&quot;style&quot;:&quot;__grid&quot;,&quot;thumb&quot;:[&quot;large&quot;,&quot;open&quot;],&quot;desc&quot;:&quot;&quot;,&quot;carousel&quot;:{&quot;thumbs&quot;:&quot;4&quot;,&quot;thumbs_to_slide&quot;:&quot;2&quot;,&quot;spacing&quot;:&quot;8&quot;},&quot;carousel_nav&quot;:{&quot;modifier&quot;:&quot;__sides&quot;,&quot;position&quot;:&quot;left-none&quot;,&quot;location&quot;:&quot;prepend&quot;,&quot;background&quot;:&quot;#fff&quot;,&quot;color&quot;:&quot;#000&quot;,&quot;font_size&quot;:&quot;2&quot;,&quot;border_radius&quot;:&quot;0&quot;}},&quot;a&quot;:&quot;1&quot;},&quot;fit&quot;:&quot;false&quot;,&quot;playlists&quot;:&quot;true&quot;,&quot;uploads&quot;:&quot;true&quot;,&quot;player_mode&quot;:&quot;1&quot;,&quot;truncate&quot;:&quot;1&quot;,&quot;banner&quot;:&quot;true&quot;,&quot;thumb_margin&quot;:&quot;8&quot;,&quot;play_icon&quot;:&quot;&quot;,&quot;youtube_play_icon&quot;:&quot;&quot;,&quot;thumb_image_size&quot;:&quot;medium&quot;,&quot;default_tab&quot;:&quot;uploads&quot;,&quot;sticky&quot;:{&quot;enable&quot;:&quot;&quot;,&quot;width&quot;:&quot;400&quot;,&quot;position&quot;:&quot;bottom-right&quot;,&quot;only_above&quot;:&quot;768&quot;,&quot;margin&quot;:&quot;12&quot;},&quot;player&quot;:{&quot;show_desc&quot;:&quot;&quot;,&quot;show_meta&quot;:&quot;&quot;},&quot;menu&quot;:&quot;1&quot;,&quot;rating_style&quot;:&quot;NaN&quot;,&quot;rtl&quot;:false}}\" data-yrc-setup=\"\"><\/div>\r\n\t\t\t<script data-cfasync=\"false\" type=\"text\/javascript\">\r\n\t\t\t\tif( !window.YRC ) var YRC = {Data:{}};\r\n\t\t\t\tYRC.Data[\"69ee1e887f72b\"] = {\"uploads\":{\"fetched_at\":1777204907,\"nextPageToken\":\"CBgQAA\",\"pageInfo\":{\"totalResults\":36,\"resultsPerPage\":24},\"items\":[{\"kind\":\"youtube#searchResult\",\"id\":\"mKghlWvDsBQ\",\"snippet\":{\"publishedAt\":\"2026-04-21T19:59:27Z\",\"channelId\":\"UCYSpPIr6qY0CGb-9rdCqVEQ\",\"title\":\"A casinha pequenina\",\"description\":\"\\\"A casinha pequenina\\\" es una pieza del folclore brasile\\u00f1o arreglada para dos guitarras. Es una melod\\u00eda muy sentimental que ha sido arreglada e interpretada por diversas formaciones. Destacan las versiones cantadas, acompa\\u00f1adas por piano o guitarra.\",\"thumbnails\":{\"default\":{\"url\":\"https:\\\/\\\/i.ytimg.com\\\/vi\\\/mKghlWvDsBQ\\\/default.jpg\",\"width\":120,\"height\":90},\"medium\":{\"url\":\"https:\\\/\\\/i.ytimg.com\\\/vi\\\/mKghlWvDsBQ\\\/mqdefault.jpg\",\"width\":320,\"height\":180},\"high\":{\"url\":\"https:\\\/\\\/i.ytimg.com\\\/vi\\\/mKghlWvDsBQ\\\/hqdefault.jpg\",\"width\":480,\"height\":360}},\"channelTitle\":\"Miguel A. Beguer\\u00eda\",\"liveBroadcastContent\":\"none\",\"publishTime\":\"2026-04-21T19:59:27Z\"},\"contentDetails\":{\"duration\":\"PT1M21S\",\"dimension\":\"2d\",\"definition\":\"hd\",\"caption\":\"false\",\"licensedContent\":false,\"contentRating\":{},\"projection\":\"rectangular\"},\"statistics\":{\"viewCount\":\"19\",\"likeCount\":\"1\",\"favoriteCount\":\"0\",\"commentCount\":\"2\"}},{\"kind\":\"youtube#searchResult\",\"id\":\"KI0FHDT7xcE\",\"snippet\":{\"publishedAt\":\"2026-04-15T21:44:17Z\",\"channelId\":\"UCYSpPIr6qY0CGb-9rdCqVEQ\",\"title\":\"Cancio\\u0301n del Emperador\",\"description\":\"Luis de Narv\\u00e1ez compuso una glosa sobre la canci\\u00f3n de moda  de su tiempo \\\"Miles Regrets\\\" compuesta por Josquin de Pres y que inspir\\u00f3 a varios autores. La canci\\u00f3n que nos ocupa fue una de las preferidas por el Emperador Carlos de ah\\u00ed que recibiera el t\\u00edtulo de \\\"Canci\\u00f3n del Emperador\\\"\",\"thumbnails\":{\"default\":{\"url\":\"https:\\\/\\\/i.ytimg.com\\\/vi\\\/KI0FHDT7xcE\\\/default.jpg\",\"width\":120,\"height\":90},\"medium\":{\"url\":\"https:\\\/\\\/i.ytimg.com\\\/vi\\\/KI0FHDT7xcE\\\/mqdefault.jpg\",\"width\":320,\"height\":180},\"high\":{\"url\":\"https:\\\/\\\/i.ytimg.com\\\/vi\\\/KI0FHDT7xcE\\\/hqdefault.jpg\",\"width\":480,\"height\":360}},\"channelTitle\":\"Miguel A. Beguer\\u00eda\",\"liveBroadcastContent\":\"none\",\"publishTime\":\"2026-04-15T21:44:17Z\"},\"contentDetails\":{\"duration\":\"PT3M\",\"dimension\":\"2d\",\"definition\":\"hd\",\"caption\":\"false\",\"licensedContent\":false,\"contentRating\":{},\"projection\":\"rectangular\"},\"statistics\":{\"viewCount\":\"44\",\"likeCount\":\"5\",\"favoriteCount\":\"0\",\"commentCount\":\"1\"}},{\"kind\":\"youtube#searchResult\",\"id\":\"i21CbvWSxZs\",\"snippet\":{\"publishedAt\":\"2026-04-06T22:00:47Z\",\"channelId\":\"UCYSpPIr6qY0CGb-9rdCqVEQ\",\"title\":\"Ta\\u0301rrega Estudio y Preludio\",\"description\":\"Dos piezas de Francisco T\\u00e1rrega. Estudio en mi menor y Preludio en Re Mayor\",\"thumbnails\":{\"default\":{\"url\":\"https:\\\/\\\/i.ytimg.com\\\/vi\\\/i21CbvWSxZs\\\/default.jpg\",\"width\":120,\"height\":90},\"medium\":{\"url\":\"https:\\\/\\\/i.ytimg.com\\\/vi\\\/i21CbvWSxZs\\\/mqdefault.jpg\",\"width\":320,\"height\":180},\"high\":{\"url\":\"https:\\\/\\\/i.ytimg.com\\\/vi\\\/i21CbvWSxZs\\\/hqdefault.jpg\",\"width\":480,\"height\":360}},\"channelTitle\":\"Miguel A. Beguer\\u00eda\",\"liveBroadcastContent\":\"none\",\"publishTime\":\"2026-04-06T22:00:47Z\"},\"contentDetails\":{\"duration\":\"PT1M59S\",\"dimension\":\"2d\",\"definition\":\"hd\",\"caption\":\"false\",\"licensedContent\":false,\"contentRating\":{},\"projection\":\"rectangular\"},\"statistics\":{\"viewCount\":\"67\",\"likeCount\":\"2\",\"favoriteCount\":\"0\",\"commentCount\":\"0\"}},{\"kind\":\"youtube#searchResult\",\"id\":\"o0nKRBV6-Xk\",\"snippet\":{\"publishedAt\":\"2026-03-14T23:00:58Z\",\"channelId\":\"UCYSpPIr6qY0CGb-9rdCqVEQ\",\"title\":\"Dos piezas del Renacimiento Espa\\u00f1ol\",\"description\":\"Dos piezas del Renacimiento Espa\\u00f1ol para vihuela interpretadas con guitarra. Los autores son Luis de Milan y Diego Pisador\",\"thumbnails\":{\"default\":{\"url\":\"https:\\\/\\\/i.ytimg.com\\\/vi\\\/o0nKRBV6-Xk\\\/default.jpg\",\"width\":120,\"height\":90},\"medium\":{\"url\":\"https:\\\/\\\/i.ytimg.com\\\/vi\\\/o0nKRBV6-Xk\\\/mqdefault.jpg\",\"width\":320,\"height\":180},\"high\":{\"url\":\"https:\\\/\\\/i.ytimg.com\\\/vi\\\/o0nKRBV6-Xk\\\/hqdefault.jpg\",\"width\":480,\"height\":360}},\"channelTitle\":\"Miguel A. Beguer\\u00eda\",\"liveBroadcastContent\":\"none\",\"publishTime\":\"2026-03-14T23:00:58Z\"},\"contentDetails\":{\"duration\":\"PT2M39S\",\"dimension\":\"2d\",\"definition\":\"hd\",\"caption\":\"false\",\"licensedContent\":false,\"contentRating\":{},\"projection\":\"rectangular\"},\"statistics\":{\"viewCount\":\"105\",\"likeCount\":\"9\",\"favoriteCount\":\"0\",\"commentCount\":\"0\"}},{\"kind\":\"youtube#searchResult\",\"id\":\"jLLpcxtuL9I\",\"snippet\":{\"publishedAt\":\"2025-02-21T17:46:06Z\",\"channelId\":\"UCYSpPIr6qY0CGb-9rdCqVEQ\",\"title\":\"Melancholy Galliard. J. Dowland\",\"description\":\"\",\"thumbnails\":{\"default\":{\"url\":\"https:\\\/\\\/i.ytimg.com\\\/vi\\\/jLLpcxtuL9I\\\/default.jpg\",\"width\":120,\"height\":90},\"medium\":{\"url\":\"https:\\\/\\\/i.ytimg.com\\\/vi\\\/jLLpcxtuL9I\\\/mqdefault.jpg\",\"width\":320,\"height\":180},\"high\":{\"url\":\"https:\\\/\\\/i.ytimg.com\\\/vi\\\/jLLpcxtuL9I\\\/hqdefault.jpg\",\"width\":480,\"height\":360}},\"channelTitle\":\"Miguel A. Beguer\\u00eda\",\"liveBroadcastContent\":\"none\",\"publishTime\":\"2025-02-21T17:46:06Z\"},\"contentDetails\":{\"duration\":\"PT3M2S\",\"dimension\":\"2d\",\"definition\":\"hd\",\"caption\":\"false\",\"licensedContent\":false,\"contentRating\":{},\"projection\":\"rectangular\"},\"statistics\":{\"viewCount\":\"111\",\"likeCount\":\"3\",\"favoriteCount\":\"0\",\"commentCount\":\"2\"}},{\"kind\":\"youtube#searchResult\",\"id\":\"QNmBvRF6oU8\",\"snippet\":{\"publishedAt\":\"2025-02-16T18:51:55Z\",\"channelId\":\"UCYSpPIr6qY0CGb-9rdCqVEQ\",\"title\":\"Recordando a  H. Villalobos. Estudio\",\"description\":\"Los guitarristas tenemos una deuda con Heitor Villalobos por su enorme contribuci\\u00f3n a la guitarra. Compuse este peque\\u00f1o estudio pensando en el maestro brasile\\u00f1o.\",\"thumbnails\":{\"default\":{\"url\":\"https:\\\/\\\/i.ytimg.com\\\/vi\\\/QNmBvRF6oU8\\\/default.jpg\",\"width\":120,\"height\":90},\"medium\":{\"url\":\"https:\\\/\\\/i.ytimg.com\\\/vi\\\/QNmBvRF6oU8\\\/mqdefault.jpg\",\"width\":320,\"height\":180},\"high\":{\"url\":\"https:\\\/\\\/i.ytimg.com\\\/vi\\\/QNmBvRF6oU8\\\/hqdefault.jpg\",\"width\":480,\"height\":360}},\"channelTitle\":\"Miguel A. Beguer\\u00eda\",\"liveBroadcastContent\":\"none\",\"publishTime\":\"2025-02-16T18:51:55Z\"},\"contentDetails\":{\"duration\":\"PT1M35S\",\"dimension\":\"2d\",\"definition\":\"hd\",\"caption\":\"false\",\"licensedContent\":false,\"contentRating\":{},\"projection\":\"rectangular\"},\"statistics\":{\"viewCount\":\"202\",\"likeCount\":\"7\",\"favoriteCount\":\"0\",\"commentCount\":\"0\"}},{\"kind\":\"youtube#searchResult\",\"id\":\"rTmqsnOEadk\",\"snippet\":{\"publishedAt\":\"2025-02-10T18:33:18Z\",\"channelId\":\"UCYSpPIr6qY0CGb-9rdCqVEQ\",\"title\":\"Preludio y Coral\",\"description\":\"Peque\\u00f1a composici\\u00f3n para guitarra cl\\u00e1sica. \\nSi te interesa la puedes encontrar en SheetMusicaDirect. \\nMiguel Angel Beguer\\u00eda\",\"thumbnails\":{\"default\":{\"url\":\"https:\\\/\\\/i.ytimg.com\\\/vi\\\/rTmqsnOEadk\\\/default.jpg\",\"width\":120,\"height\":90},\"medium\":{\"url\":\"https:\\\/\\\/i.ytimg.com\\\/vi\\\/rTmqsnOEadk\\\/mqdefault.jpg\",\"width\":320,\"height\":180},\"high\":{\"url\":\"https:\\\/\\\/i.ytimg.com\\\/vi\\\/rTmqsnOEadk\\\/hqdefault.jpg\",\"width\":480,\"height\":360}},\"channelTitle\":\"Miguel A. Beguer\\u00eda\",\"liveBroadcastContent\":\"none\",\"publishTime\":\"2025-02-10T18:33:18Z\"},\"contentDetails\":{\"duration\":\"PT2M11S\",\"dimension\":\"2d\",\"definition\":\"hd\",\"caption\":\"false\",\"licensedContent\":false,\"contentRating\":{},\"projection\":\"rectangular\"},\"statistics\":{\"viewCount\":\"151\",\"likeCount\":\"2\",\"favoriteCount\":\"0\",\"commentCount\":\"0\"}},{\"kind\":\"youtube#searchResult\",\"id\":\"gKxgS4fy_G0\",\"snippet\":{\"publishedAt\":\"2025-02-03T14:58:57Z\",\"channelId\":\"UCYSpPIr6qY0CGb-9rdCqVEQ\",\"title\":\"Michelle 1. Beatles, Guitarra cl\\u00e1sica\",\"description\":\"Conocida canci\\u00f3n de Lennon-MacCartney en versi\\u00f3n guitarra cl\\u00e1sica, en un arreglo e interpretaci\\u00f3n de MAC. Si te interesa el arreglo lo puedes buscar en SheetMusicDirect.com\\nMiguel Angel Beguer\\u00eda\",\"thumbnails\":{\"default\":{\"url\":\"https:\\\/\\\/i.ytimg.com\\\/vi\\\/gKxgS4fy_G0\\\/default.jpg\",\"width\":120,\"height\":90},\"medium\":{\"url\":\"https:\\\/\\\/i.ytimg.com\\\/vi\\\/gKxgS4fy_G0\\\/mqdefault.jpg\",\"width\":320,\"height\":180},\"high\":{\"url\":\"https:\\\/\\\/i.ytimg.com\\\/vi\\\/gKxgS4fy_G0\\\/hqdefault.jpg\",\"width\":480,\"height\":360}},\"channelTitle\":\"Miguel A. Beguer\\u00eda\",\"liveBroadcastContent\":\"none\",\"publishTime\":\"2025-02-03T14:58:57Z\"},\"contentDetails\":{\"duration\":\"PT2M13S\",\"dimension\":\"2d\",\"definition\":\"hd\",\"caption\":\"false\",\"licensedContent\":false,\"contentRating\":{},\"projection\":\"rectangular\"},\"statistics\":{\"viewCount\":\"72\",\"likeCount\":\"4\",\"favoriteCount\":\"0\",\"commentCount\":\"0\"}},{\"kind\":\"youtube#searchResult\",\"id\":\"rKRrZsONXU0\",\"snippet\":{\"publishedAt\":\"2024-12-19T14:55:57Z\",\"channelId\":\"UCYSpPIr6qY0CGb-9rdCqVEQ\",\"title\":\"Olivos Milenarios\",\"description\":\"En la provincia de Castell\\u00f3n se encuentra la mayor concentraci\\u00f3n de olivos milenarios. Esta muestra est\\u00e1 tomada en Canet lo Roig.\",\"thumbnails\":{\"default\":{\"url\":\"https:\\\/\\\/i.ytimg.com\\\/vi\\\/rKRrZsONXU0\\\/default.jpg\",\"width\":120,\"height\":90},\"medium\":{\"url\":\"https:\\\/\\\/i.ytimg.com\\\/vi\\\/rKRrZsONXU0\\\/mqdefault.jpg\",\"width\":320,\"height\":180},\"high\":{\"url\":\"https:\\\/\\\/i.ytimg.com\\\/vi\\\/rKRrZsONXU0\\\/hqdefault.jpg\",\"width\":480,\"height\":360}},\"channelTitle\":\"Miguel A. Beguer\\u00eda\",\"liveBroadcastContent\":\"none\",\"publishTime\":\"2024-12-19T14:55:57Z\"},\"contentDetails\":{\"duration\":\"PT1M17S\",\"dimension\":\"2d\",\"definition\":\"hd\",\"caption\":\"false\",\"licensedContent\":false,\"contentRating\":{},\"projection\":\"rectangular\"},\"statistics\":{\"viewCount\":\"29\",\"likeCount\":\"3\",\"favoriteCount\":\"0\",\"commentCount\":\"0\"}},{\"kind\":\"youtube#searchResult\",\"id\":\"aDIEsclvh7g\",\"snippet\":{\"publishedAt\":\"2022-05-17T21:28:49Z\",\"channelId\":\"UCYSpPIr6qY0CGb-9rdCqVEQ\",\"title\":\"Last Rose of Summer\",\"description\":\"La melanc\\u00f3lica canci\\u00f3n irlandesa en versi\\u00f3n guitarra cl\\u00e1sica, arreglada por Miguel A. Beguer\\u00eda. Aparece el texto original en ingl\\u00e9s. Si te interesa puedes bajar la partitura en SheetMusicDirect.com\",\"thumbnails\":{\"default\":{\"url\":\"https:\\\/\\\/i.ytimg.com\\\/vi\\\/aDIEsclvh7g\\\/default.jpg\",\"width\":120,\"height\":90},\"medium\":{\"url\":\"https:\\\/\\\/i.ytimg.com\\\/vi\\\/aDIEsclvh7g\\\/mqdefault.jpg\",\"width\":320,\"height\":180},\"high\":{\"url\":\"https:\\\/\\\/i.ytimg.com\\\/vi\\\/aDIEsclvh7g\\\/hqdefault.jpg\",\"width\":480,\"height\":360}},\"channelTitle\":\"Miguel A. Beguer\\u00eda\",\"liveBroadcastContent\":\"none\",\"publishTime\":\"2022-05-17T21:28:49Z\"},\"contentDetails\":{\"duration\":\"PT2M23S\",\"dimension\":\"2d\",\"definition\":\"hd\",\"caption\":\"false\",\"licensedContent\":false,\"contentRating\":{},\"projection\":\"rectangular\"},\"statistics\":{\"viewCount\":\"166\",\"likeCount\":\"7\",\"favoriteCount\":\"0\",\"commentCount\":\"0\"}},{\"kind\":\"youtube#searchResult\",\"id\":\"dpk9ybsj_gk\",\"snippet\":{\"publishedAt\":\"2022-04-02T07:25:47Z\",\"channelId\":\"UCYSpPIr6qY0CGb-9rdCqVEQ\",\"title\":\"Autumn in N  York\",\"description\":\"Melanc\\u00f3lica canci\\u00f3n arreglada e interpretada en el oto\\u00f1o de mi vida.\",\"thumbnails\":{\"default\":{\"url\":\"https:\\\/\\\/i.ytimg.com\\\/vi\\\/dpk9ybsj_gk\\\/default.jpg\",\"width\":120,\"height\":90},\"medium\":{\"url\":\"https:\\\/\\\/i.ytimg.com\\\/vi\\\/dpk9ybsj_gk\\\/mqdefault.jpg\",\"width\":320,\"height\":180},\"high\":{\"url\":\"https:\\\/\\\/i.ytimg.com\\\/vi\\\/dpk9ybsj_gk\\\/hqdefault.jpg\",\"width\":480,\"height\":360}},\"channelTitle\":\"Miguel A. Beguer\\u00eda\",\"liveBroadcastContent\":\"none\",\"publishTime\":\"2022-04-02T07:25:47Z\"},\"contentDetails\":{\"duration\":\"PT2M45S\",\"dimension\":\"2d\",\"definition\":\"hd\",\"caption\":\"false\",\"licensedContent\":false,\"contentRating\":{},\"projection\":\"rectangular\"},\"statistics\":{\"viewCount\":\"84\",\"likeCount\":\"4\",\"favoriteCount\":\"0\",\"commentCount\":\"1\"}},{\"kind\":\"youtube#searchResult\",\"id\":\"Ht9J5RBLwUk\",\"snippet\":{\"publishedAt\":\"2021-10-04T13:37:55Z\",\"channelId\":\"UCYSpPIr6qY0CGb-9rdCqVEQ\",\"title\":\"Primavera en Layana.\",\"description\":\"Primavera en Layana despu\\u00e9s del gran confinamiento en 2020. Con la abuela, hijos, nietos y amigos.\",\"thumbnails\":{\"default\":{\"url\":\"https:\\\/\\\/i.ytimg.com\\\/vi\\\/Ht9J5RBLwUk\\\/default.jpg\",\"width\":120,\"height\":90},\"medium\":{\"url\":\"https:\\\/\\\/i.ytimg.com\\\/vi\\\/Ht9J5RBLwUk\\\/mqdefault.jpg\",\"width\":320,\"height\":180},\"high\":{\"url\":\"https:\\\/\\\/i.ytimg.com\\\/vi\\\/Ht9J5RBLwUk\\\/hqdefault.jpg\",\"width\":480,\"height\":360}},\"channelTitle\":\"Miguel A. Beguer\\u00eda\",\"liveBroadcastContent\":\"none\",\"publishTime\":\"2021-10-04T13:37:55Z\"},\"contentDetails\":{\"duration\":\"PT5M44S\",\"dimension\":\"2d\",\"definition\":\"hd\",\"caption\":\"false\",\"licensedContent\":false,\"contentRating\":{},\"projection\":\"rectangular\"},\"statistics\":{\"viewCount\":\"46\",\"likeCount\":\"1\",\"favoriteCount\":\"0\",\"commentCount\":\"0\"}},{\"kind\":\"youtube#searchResult\",\"id\":\"EWbWNnLy5qc\",\"snippet\":{\"publishedAt\":\"2021-08-25T13:32:27Z\",\"channelId\":\"UCYSpPIr6qY0CGb-9rdCqVEQ\",\"title\":\"ESTUDIO para guitarra. Recordando a Villalobos\",\"description\":\"Este estudio se ha compuesto inspirado m\\u00e1s o menos lejanamente en la obra para guitarra del gran compositor brasile\\u00f1o H. Villalobos al que tanto debemos todos los guitarristas.\",\"thumbnails\":{\"default\":{\"url\":\"https:\\\/\\\/i.ytimg.com\\\/vi\\\/EWbWNnLy5qc\\\/default.jpg\",\"width\":120,\"height\":90},\"medium\":{\"url\":\"https:\\\/\\\/i.ytimg.com\\\/vi\\\/EWbWNnLy5qc\\\/mqdefault.jpg\",\"width\":320,\"height\":180},\"high\":{\"url\":\"https:\\\/\\\/i.ytimg.com\\\/vi\\\/EWbWNnLy5qc\\\/hqdefault.jpg\",\"width\":480,\"height\":360}},\"channelTitle\":\"Miguel A. Beguer\\u00eda\",\"liveBroadcastContent\":\"none\",\"publishTime\":\"2021-08-25T13:32:27Z\"},\"contentDetails\":{\"duration\":\"PT2M21S\",\"dimension\":\"2d\",\"definition\":\"hd\",\"caption\":\"false\",\"licensedContent\":false,\"contentRating\":{},\"projection\":\"rectangular\"},\"statistics\":{\"viewCount\":\"69\",\"likeCount\":\"1\",\"favoriteCount\":\"0\",\"commentCount\":\"0\"}},{\"kind\":\"youtube#searchResult\",\"id\":\"IaqKs9BXutg\",\"snippet\":{\"publishedAt\":\"2021-08-24T12:34:00Z\",\"channelId\":\"UCYSpPIr6qY0CGb-9rdCqVEQ\",\"title\":\"Duo piano Guitarra. Mauro Giulani\",\"description\":\"M. Giulani es uno de los fundamentos de la guitarra cl\\u00e1sica. Presentamos un duo poco frecuente de guitarra y piano.\",\"thumbnails\":{\"default\":{\"url\":\"https:\\\/\\\/i.ytimg.com\\\/vi\\\/IaqKs9BXutg\\\/default.jpg\",\"width\":120,\"height\":90},\"medium\":{\"url\":\"https:\\\/\\\/i.ytimg.com\\\/vi\\\/IaqKs9BXutg\\\/mqdefault.jpg\",\"width\":320,\"height\":180},\"high\":{\"url\":\"https:\\\/\\\/i.ytimg.com\\\/vi\\\/IaqKs9BXutg\\\/hqdefault.jpg\",\"width\":480,\"height\":360}},\"channelTitle\":\"Miguel A. Beguer\\u00eda\",\"liveBroadcastContent\":\"none\",\"publishTime\":\"2021-08-24T12:34:00Z\"},\"contentDetails\":{\"duration\":\"PT2M58S\",\"dimension\":\"2d\",\"definition\":\"hd\",\"caption\":\"false\",\"licensedContent\":false,\"contentRating\":{},\"projection\":\"rectangular\"},\"statistics\":{\"viewCount\":\"289\",\"likeCount\":\"10\",\"favoriteCount\":\"0\",\"commentCount\":\"2\"}},{\"kind\":\"youtube#searchResult\",\"id\":\"AMFFnR2AeMA\",\"snippet\":{\"publishedAt\":\"2021-02-03T18:28:25Z\",\"channelId\":\"UCYSpPIr6qY0CGb-9rdCqVEQ\",\"title\":\"AM Minue. Para Alejandro y Daniela\",\"description\":\"Primer video tutorial del Minueto del Album de A. Magdalena Bach. Presentaci\\u00f3n general antes del tutorial propiamente dicho.\",\"thumbnails\":{\"default\":{\"url\":\"https:\\\/\\\/i.ytimg.com\\\/vi\\\/AMFFnR2AeMA\\\/default.jpg\",\"width\":120,\"height\":90},\"medium\":{\"url\":\"https:\\\/\\\/i.ytimg.com\\\/vi\\\/AMFFnR2AeMA\\\/mqdefault.jpg\",\"width\":320,\"height\":180},\"high\":{\"url\":\"https:\\\/\\\/i.ytimg.com\\\/vi\\\/AMFFnR2AeMA\\\/hqdefault.jpg\",\"width\":480,\"height\":360}},\"channelTitle\":\"Miguel A. Beguer\\u00eda\",\"liveBroadcastContent\":\"none\",\"publishTime\":\"2021-02-03T18:28:25Z\"},\"contentDetails\":{\"duration\":\"PT8M5S\",\"dimension\":\"2d\",\"definition\":\"hd\",\"caption\":\"false\",\"licensedContent\":false,\"contentRating\":{},\"projection\":\"rectangular\"},\"statistics\":{\"viewCount\":\"58\",\"likeCount\":\"3\",\"favoriteCount\":\"0\",\"commentCount\":\"0\"}},{\"kind\":\"youtube#searchResult\",\"id\":\"hyG_isjAS2Y\",\"snippet\":{\"publishedAt\":\"2021-01-21T19:20:58Z\",\"channelId\":\"UCYSpPIr6qY0CGb-9rdCqVEQ\",\"title\":\"Introducci\\u00f3n a los  Acordes. Para Alejandro\",\"description\":\"Primer video sobre acordes en el piano para Alejandro. El ni\\u00f1o que tiene buen o\\u00eddo los pone en la mano izquierda de forma intuitiva pero es necesario racionalizar su conocimiento.\",\"thumbnails\":{\"default\":{\"url\":\"https:\\\/\\\/i.ytimg.com\\\/vi\\\/hyG_isjAS2Y\\\/default.jpg\",\"width\":120,\"height\":90},\"medium\":{\"url\":\"https:\\\/\\\/i.ytimg.com\\\/vi\\\/hyG_isjAS2Y\\\/mqdefault.jpg\",\"width\":320,\"height\":180},\"high\":{\"url\":\"https:\\\/\\\/i.ytimg.com\\\/vi\\\/hyG_isjAS2Y\\\/hqdefault.jpg\",\"width\":480,\"height\":360}},\"channelTitle\":\"Miguel A. Beguer\\u00eda\",\"liveBroadcastContent\":\"none\",\"publishTime\":\"2021-01-21T19:20:58Z\"},\"contentDetails\":{\"duration\":\"PT5M23S\",\"dimension\":\"2d\",\"definition\":\"hd\",\"caption\":\"false\",\"licensedContent\":false,\"contentRating\":{},\"projection\":\"rectangular\"},\"statistics\":{\"viewCount\":\"9\",\"likeCount\":\"1\",\"favoriteCount\":\"0\",\"commentCount\":\"0\"}},{\"kind\":\"youtube#searchResult\",\"id\":\"YGgnqqIit90\",\"snippet\":{\"publishedAt\":\"2021-01-21T18:48:34Z\",\"channelId\":\"UCYSpPIr6qY0CGb-9rdCqVEQ\",\"title\":\"Digitaci\\u00f3n en el piano. Para Alejandro\",\"description\":\"Le cuento a Alejandro la importancia de la digitaci\\u00f3n en el piano y el cuidado con el tiempo. Es necesario estudiar con metr\\u00f3nomo.\",\"thumbnails\":{\"default\":{\"url\":\"https:\\\/\\\/i.ytimg.com\\\/vi\\\/YGgnqqIit90\\\/default.jpg\",\"width\":120,\"height\":90},\"medium\":{\"url\":\"https:\\\/\\\/i.ytimg.com\\\/vi\\\/YGgnqqIit90\\\/mqdefault.jpg\",\"width\":320,\"height\":180},\"high\":{\"url\":\"https:\\\/\\\/i.ytimg.com\\\/vi\\\/YGgnqqIit90\\\/hqdefault.jpg\",\"width\":480,\"height\":360}},\"channelTitle\":\"Miguel A. Beguer\\u00eda\",\"liveBroadcastContent\":\"none\",\"publishTime\":\"2021-01-21T18:48:34Z\"},\"contentDetails\":{\"duration\":\"PT8M31S\",\"dimension\":\"2d\",\"definition\":\"hd\",\"caption\":\"false\",\"licensedContent\":false,\"contentRating\":{},\"projection\":\"rectangular\"},\"statistics\":{\"viewCount\":\"16\",\"likeCount\":\"2\",\"favoriteCount\":\"0\",\"commentCount\":\"0\"}},{\"kind\":\"youtube#searchResult\",\"id\":\"DWYuOfKLT8E\",\"snippet\":{\"publishedAt\":\"2021-01-02T17:14:15Z\",\"channelId\":\"UCYSpPIr6qY0CGb-9rdCqVEQ\",\"title\":\"Let it be. Para Alejandro\",\"description\":\"Tutorial de la canci\\u00f3n de Beatles \\\"Let it be\\\" pensado para Alejandro que no puedo ir cuanto quisiera a darle clases.\",\"thumbnails\":{\"default\":{\"url\":\"https:\\\/\\\/i.ytimg.com\\\/vi\\\/DWYuOfKLT8E\\\/default.jpg\",\"width\":120,\"height\":90},\"medium\":{\"url\":\"https:\\\/\\\/i.ytimg.com\\\/vi\\\/DWYuOfKLT8E\\\/mqdefault.jpg\",\"width\":320,\"height\":180},\"high\":{\"url\":\"https:\\\/\\\/i.ytimg.com\\\/vi\\\/DWYuOfKLT8E\\\/hqdefault.jpg\",\"width\":480,\"height\":360}},\"channelTitle\":\"Miguel A. Beguer\\u00eda\",\"liveBroadcastContent\":\"none\",\"publishTime\":\"2021-01-02T17:14:15Z\"},\"contentDetails\":{\"duration\":\"PT7M23S\",\"dimension\":\"2d\",\"definition\":\"hd\",\"caption\":\"false\",\"licensedContent\":false,\"contentRating\":{},\"projection\":\"rectangular\"},\"statistics\":{\"viewCount\":\"19\",\"likeCount\":\"1\",\"favoriteCount\":\"0\",\"commentCount\":\"0\"}},{\"kind\":\"youtube#searchResult\",\"id\":\"sv-awt3mm1Y\",\"snippet\":{\"publishedAt\":\"2020-05-16T13:34:49Z\",\"channelId\":\"UCYSpPIr6qY0CGb-9rdCqVEQ\",\"title\":\"What a wonderful world. Piano. Miguel A. Beguer\\u00eda\",\"description\":\"Versi\\u00f3n en piano el\\u00e9ctrico vintage de \\\"What a wonderful world\\\".\",\"thumbnails\":{\"default\":{\"url\":\"https:\\\/\\\/i.ytimg.com\\\/vi\\\/sv-awt3mm1Y\\\/default.jpg\",\"width\":120,\"height\":90},\"medium\":{\"url\":\"https:\\\/\\\/i.ytimg.com\\\/vi\\\/sv-awt3mm1Y\\\/mqdefault.jpg\",\"width\":320,\"height\":180},\"high\":{\"url\":\"https:\\\/\\\/i.ytimg.com\\\/vi\\\/sv-awt3mm1Y\\\/hqdefault.jpg\",\"width\":480,\"height\":360}},\"channelTitle\":\"Miguel A. Beguer\\u00eda\",\"liveBroadcastContent\":\"none\",\"publishTime\":\"2020-05-16T13:34:49Z\"},\"contentDetails\":{\"duration\":\"PT2M17S\",\"dimension\":\"2d\",\"definition\":\"hd\",\"caption\":\"false\",\"licensedContent\":false,\"contentRating\":{},\"projection\":\"rectangular\"},\"statistics\":{\"viewCount\":\"40\",\"likeCount\":\"4\",\"favoriteCount\":\"0\",\"commentCount\":\"0\"}},{\"kind\":\"youtube#searchResult\",\"id\":\"QfBA-hkVHJk\",\"snippet\":{\"publishedAt\":\"2020-05-08T18:42:32Z\",\"channelId\":\"UCYSpPIr6qY0CGb-9rdCqVEQ\",\"title\":\"Curso de Lenguaje Musical. 11.- Escalas.Miguel A. Beguer\\u00eda\",\"description\":\"Curso de Lenguaje Musical y Teor\\u00eda de la M\\u00fasica. Cap\\u00edtulo d\\u00e9cimo que trata de las diferentes escalas en m\\u00fasica, especialmente de la escala diat\\u00f3nica mayor y menor.\",\"thumbnails\":{\"default\":{\"url\":\"https:\\\/\\\/i.ytimg.com\\\/vi\\\/QfBA-hkVHJk\\\/default.jpg\",\"width\":120,\"height\":90},\"medium\":{\"url\":\"https:\\\/\\\/i.ytimg.com\\\/vi\\\/QfBA-hkVHJk\\\/mqdefault.jpg\",\"width\":320,\"height\":180},\"high\":{\"url\":\"https:\\\/\\\/i.ytimg.com\\\/vi\\\/QfBA-hkVHJk\\\/hqdefault.jpg\",\"width\":480,\"height\":360}},\"channelTitle\":\"Miguel A. Beguer\\u00eda\",\"liveBroadcastContent\":\"none\",\"publishTime\":\"2020-05-08T18:42:32Z\"},\"contentDetails\":{\"duration\":\"PT14M57S\",\"dimension\":\"2d\",\"definition\":\"hd\",\"caption\":\"false\",\"licensedContent\":false,\"contentRating\":{},\"projection\":\"rectangular\"},\"statistics\":{\"viewCount\":\"32\",\"likeCount\":\"2\",\"favoriteCount\":\"0\",\"commentCount\":\"0\"}},{\"kind\":\"youtube#searchResult\",\"id\":\"PETzFdcyXaA\",\"snippet\":{\"publishedAt\":\"2020-05-06T18:05:17Z\",\"channelId\":\"UCYSpPIr6qY0CGb-9rdCqVEQ\",\"title\":\"Curso de Lenguaje Musical. 10 - Compases final. Miguel Angel Beguer\\u00eda\",\"description\":\"\\u00daltimo video sobre compases Compases de denominador 8. Curso de lenguaje musical desde cero.\",\"thumbnails\":{\"default\":{\"url\":\"https:\\\/\\\/i.ytimg.com\\\/vi\\\/PETzFdcyXaA\\\/default.jpg\",\"width\":120,\"height\":90},\"medium\":{\"url\":\"https:\\\/\\\/i.ytimg.com\\\/vi\\\/PETzFdcyXaA\\\/mqdefault.jpg\",\"width\":320,\"height\":180},\"high\":{\"url\":\"https:\\\/\\\/i.ytimg.com\\\/vi\\\/PETzFdcyXaA\\\/hqdefault.jpg\",\"width\":480,\"height\":360}},\"channelTitle\":\"Miguel A. Beguer\\u00eda\",\"liveBroadcastContent\":\"none\",\"publishTime\":\"2020-05-06T18:05:17Z\"},\"contentDetails\":{\"duration\":\"PT12M55S\",\"dimension\":\"2d\",\"definition\":\"hd\",\"caption\":\"false\",\"licensedContent\":false,\"contentRating\":{},\"projection\":\"rectangular\"},\"statistics\":{\"viewCount\":\"39\",\"likeCount\":\"3\",\"favoriteCount\":\"0\",\"commentCount\":\"0\"}},{\"kind\":\"youtube#searchResult\",\"id\":\"ouKTAlX8QVM\",\"snippet\":{\"publishedAt\":\"2020-04-29T16:44:06Z\",\"channelId\":\"UCYSpPIr6qY0CGb-9rdCqVEQ\",\"title\":\"Curso de Lenguaje Musical 9.Compas 3:4 Final. Miguel A. Beguer\\u00eda\",\"description\":\"Curso de Lenguaje Musical. Curso completo partiendo de cero. En este video trataremos del comp\\u00e1s de 3\\\/4 continuando con el anterior dedicado a los compases en general.\",\"thumbnails\":{\"default\":{\"url\":\"https:\\\/\\\/i.ytimg.com\\\/vi\\\/ouKTAlX8QVM\\\/default.jpg\",\"width\":120,\"height\":90},\"medium\":{\"url\":\"https:\\\/\\\/i.ytimg.com\\\/vi\\\/ouKTAlX8QVM\\\/mqdefault.jpg\",\"width\":320,\"height\":180},\"high\":{\"url\":\"https:\\\/\\\/i.ytimg.com\\\/vi\\\/ouKTAlX8QVM\\\/hqdefault.jpg\",\"width\":480,\"height\":360}},\"channelTitle\":\"Miguel A. Beguer\\u00eda\",\"liveBroadcastContent\":\"none\",\"publishTime\":\"2020-04-29T16:44:06Z\"},\"contentDetails\":{\"duration\":\"PT10M38S\",\"dimension\":\"2d\",\"definition\":\"hd\",\"caption\":\"false\",\"licensedContent\":false,\"contentRating\":{},\"projection\":\"rectangular\"},\"statistics\":{\"viewCount\":\"22\",\"likeCount\":\"3\",\"favoriteCount\":\"0\",\"commentCount\":\"0\"}},{\"kind\":\"youtube#searchResult\",\"id\":\"vR4tssVmbf8\",\"snippet\":{\"publishedAt\":\"2020-04-26T18:14:40Z\",\"channelId\":\"UCYSpPIr6qY0CGb-9rdCqVEQ\",\"title\":\"Curso de Lenguaje Musical. 8- Los compases. Miguel Angel Beguer\\u00eda\",\"description\":\"Video primero sobre los compases del Curso de Lenguaje Musical. Los ejercicios se pueden encontrar en esta direcci\\u00f3n web.\\nhttps:\\\/\\\/drive.google.com\\\/drive\\\/folders\\\/1sQgfSyNeUBc8e1EEmZW8u0iR_cBCwCHp?usp=sharing\",\"thumbnails\":{\"default\":{\"url\":\"https:\\\/\\\/i.ytimg.com\\\/vi\\\/vR4tssVmbf8\\\/default.jpg\",\"width\":120,\"height\":90},\"medium\":{\"url\":\"https:\\\/\\\/i.ytimg.com\\\/vi\\\/vR4tssVmbf8\\\/mqdefault.jpg\",\"width\":320,\"height\":180},\"high\":{\"url\":\"https:\\\/\\\/i.ytimg.com\\\/vi\\\/vR4tssVmbf8\\\/hqdefault.jpg\",\"width\":480,\"height\":360}},\"channelTitle\":\"Miguel A. Beguer\\u00eda\",\"liveBroadcastContent\":\"none\",\"publishTime\":\"2020-04-26T18:14:40Z\"},\"contentDetails\":{\"duration\":\"PT13M50S\",\"dimension\":\"2d\",\"definition\":\"hd\",\"caption\":\"false\",\"licensedContent\":false,\"contentRating\":{},\"projection\":\"rectangular\"},\"statistics\":{\"viewCount\":\"27\",\"likeCount\":\"3\",\"favoriteCount\":\"0\",\"commentCount\":\"0\"}},{\"kind\":\"youtube#searchResult\",\"id\":\"b13UXTKGtn0\",\"snippet\":{\"publishedAt\":\"2020-04-23T17:27:11Z\",\"channelId\":\"UCYSpPIr6qY0CGb-9rdCqVEQ\",\"title\":\"Curso de Lenguaje musical. 7- El Ritmo. Miguel Angel Beguer\\u00eda\",\"description\":\"Curso de lenguaje musical. En este cap\\u00edtulo introducimos el tema de los compases hablando del ritmo en m\\u00fasica.\",\"thumbnails\":{\"default\":{\"url\":\"https:\\\/\\\/i.ytimg.com\\\/vi\\\/b13UXTKGtn0\\\/default.jpg\",\"width\":120,\"height\":90},\"medium\":{\"url\":\"https:\\\/\\\/i.ytimg.com\\\/vi\\\/b13UXTKGtn0\\\/mqdefault.jpg\",\"width\":320,\"height\":180},\"high\":{\"url\":\"https:\\\/\\\/i.ytimg.com\\\/vi\\\/b13UXTKGtn0\\\/hqdefault.jpg\",\"width\":480,\"height\":360}},\"channelTitle\":\"Miguel A. Beguer\\u00eda\",\"liveBroadcastContent\":\"none\",\"publishTime\":\"2020-04-23T17:27:11Z\"},\"contentDetails\":{\"duration\":\"PT10M56S\",\"dimension\":\"2d\",\"definition\":\"hd\",\"caption\":\"false\",\"licensedContent\":false,\"contentRating\":{},\"projection\":\"rectangular\"},\"statistics\":{\"viewCount\":\"50\",\"likeCount\":\"4\",\"favoriteCount\":\"0\",\"commentCount\":\"0\"}}]},\"banner\":{\"kind\":\"youtube#channelListResponse\",\"etag\":\"ndVdJ3X8PMUEIoSte5P2sC8vWlU\",\"pageInfo\":{\"totalResults\":1,\"resultsPerPage\":5},\"items\":[{\"kind\":\"youtube#channel\",\"etag\":\"Yzpane_Byo9P30zZd88ZT6vhx7k\",\"id\":\"UCYSpPIr6qY0CGb-9rdCqVEQ\",\"snippet\":{\"title\":\"Miguel A. Beguer\\u00eda\",\"description\":\"El canal es un caj\\u00f3n de sastre que encierra muchas de mis actividades-aficiones relacionadas con la m\\u00fasica. He dirigido coros, intento tocar un poco mejor cada d\\u00eda la guitarra y el violonchelo. Con el piano me arreglo para el trabajo te\\u00f3rico sobre todo. Actualmente dirijo unas orquesta y hay un canal con videos de alguno de sus conciertos. A\\u00f1ado ahora un curso de educaci\\u00f3n musical que ir\\u00e9 subiendo poco a poco. En fin no hay un criterio estricto a la hora de poner videos. Saldr\\u00e1n todos los que a mi me gusten. Pero siempre relacionados con la m\\u00fasica.\",\"customUrl\":\"@mabegueria\",\"publishedAt\":\"2020-03-31T10:45:42.3189Z\",\"thumbnails\":{\"default\":{\"url\":\"https:\\\/\\\/yt3.ggpht.com\\\/0RkMnUzKXS5ciIUhJRhpGrhdsVQn64kq6aMWOTbR0Y48CSo_4em0o6zwOdhD_IRGOlevggsl5w=s88-c-k-c0x00ffffff-no-rj\",\"width\":88,\"height\":88},\"medium\":{\"url\":\"https:\\\/\\\/yt3.ggpht.com\\\/0RkMnUzKXS5ciIUhJRhpGrhdsVQn64kq6aMWOTbR0Y48CSo_4em0o6zwOdhD_IRGOlevggsl5w=s240-c-k-c0x00ffffff-no-rj\",\"width\":240,\"height\":240},\"high\":{\"url\":\"https:\\\/\\\/yt3.ggpht.com\\\/0RkMnUzKXS5ciIUhJRhpGrhdsVQn64kq6aMWOTbR0Y48CSo_4em0o6zwOdhD_IRGOlevggsl5w=s800-c-k-c0x00ffffff-no-rj\",\"width\":800,\"height\":800}},\"localized\":{\"title\":\"Miguel A. Beguer\\u00eda\",\"description\":\"El canal es un caj\\u00f3n de sastre que encierra muchas de mis actividades-aficiones relacionadas con la m\\u00fasica. He dirigido coros, intento tocar un poco mejor cada d\\u00eda la guitarra y el violonchelo. Con el piano me arreglo para el trabajo te\\u00f3rico sobre todo. Actualmente dirijo unas orquesta y hay un canal con videos de alguno de sus conciertos. A\\u00f1ado ahora un curso de educaci\\u00f3n musical que ir\\u00e9 subiendo poco a poco. En fin no hay un criterio estricto a la hora de poner videos. Saldr\\u00e1n todos los que a mi me gusten. Pero siempre relacionados con la m\\u00fasica.\"},\"country\":\"ES\"},\"contentDetails\":{\"relatedPlaylists\":{\"likes\":\"\",\"uploads\":\"UUYSpPIr6qY0CGb-9rdCqVEQ\"}},\"statistics\":{\"viewCount\":\"2836\",\"subscriberCount\":\"43\",\"hiddenSubscriberCount\":false,\"videoCount\":\"36\"},\"brandingSettings\":{\"channel\":{\"title\":\"Miguel A. Beguer\\u00eda\",\"description\":\"El canal es un caj\\u00f3n de sastre que encierra muchas de mis actividades-aficiones relacionadas con la m\\u00fasica. He dirigido coros, intento tocar un poco mejor cada d\\u00eda la guitarra y el violonchelo. Con el piano me arreglo para el trabajo te\\u00f3rico sobre todo. Actualmente dirijo unas orquesta y hay un canal con videos de alguno de sus conciertos. A\\u00f1ado ahora un curso de educaci\\u00f3n musical que ir\\u00e9 subiendo poco a poco. En fin no hay un criterio estricto a la hora de poner videos. Saldr\\u00e1n todos los que a mi me gusten. Pero siempre relacionados con la m\\u00fasica.\",\"keywords\":\"M\\u00fasica Guitarra violonchelo \\\"teor\\u00eda de la m\\u00fasica\\\"\",\"country\":\"ES\"}}}],\"fetched_at\":1777204907},\"playlists\":{\"fetched_at\":1777204907,\"nextPageToken\":\"\",\"pageInfo\":{\"totalResults\":1,\"resultsPerPage\":24},\"items\":[{\"kind\":\"youtube#playlist\",\"id\":\"PLYCr-S_lgGgsgqjKIviGrD8zAiYsXPMuH\",\"snippet\":{\"publishedAt\":\"2020-04-12T11:48:02.180504Z\",\"channelId\":\"UCYSpPIr6qY0CGb-9rdCqVEQ\",\"title\":\"gimnasia\",\"description\":\"\",\"thumbnails\":{\"default\":{\"url\":\"https:\\\/\\\/i.ytimg.com\\\/vi\\\/apj3GQoXAYw\\\/default.jpg\",\"width\":120,\"height\":90},\"medium\":{\"url\":\"https:\\\/\\\/i.ytimg.com\\\/vi\\\/apj3GQoXAYw\\\/mqdefault.jpg\",\"width\":320,\"height\":180},\"high\":{\"url\":\"https:\\\/\\\/i.ytimg.com\\\/vi\\\/apj3GQoXAYw\\\/hqdefault.jpg\",\"width\":480,\"height\":360},\"standard\":{\"url\":\"https:\\\/\\\/i.ytimg.com\\\/vi\\\/apj3GQoXAYw\\\/sddefault.jpg\",\"width\":640,\"height\":480},\"maxres\":{\"url\":\"https:\\\/\\\/i.ytimg.com\\\/vi\\\/apj3GQoXAYw\\\/maxresdefault.jpg\",\"width\":1280,\"height\":720}},\"channelTitle\":\"Miguel A. Beguer\\u00eda\",\"localized\":{\"title\":\"gimnasia\",\"description\":\"\"}},\"contentDetails\":{\"itemCount\":8}}]}};\r\n\t\t\t\t(function(){\r\n\t\t\t\t\tif(!YRC.loaded){\r\n\t\t\t\t\t    YRC.loaded = true;\r\n\t\t\t\t\t\tfunction YRC_Loader(){\r\n\t\t\t\t\t\t\t\/\/YRC.loaded = true;\r\n\t\t\t\t\t\t\tYRC.is_pro = false;\r\n\t\t\t\t\t\t\tYRC.is_pb = false;\r\n\t\t\t\t\t\t\tYRC.lang = {\"form\":{\"Videos\":\"Videos\",\"Playlists\":\"Playlists\",\"Search\":\"Search\",\"Loading\":\"Loading\",\"more\":\"more\",\"Nothing_found\":\"Nothing found\",\"Prev\":\"Previous\",\"Next\":\"Next\",\"consent_statement\":\"Allow cookies?\",\"consent_button\":\"Allow\",\"consent_privacy_policy\":\"Privacy policy\"},\"fui\":{\"sort_by\":\"Sort by\",\"relevant\":\"Relevant\",\"latest\":\"Latest\",\"liked\":\"Liked\",\"title\":\"Title\",\"views\":\"Views\",\"duration\":\"Duration\",\"any\":\"Any\",\"_short\":\"Short\",\"medium\":\"Medium\",\"_long\":\"Long\",\"uploaded\":\"Uploaded\",\"all_time\":\"All time\",\"live_now\":\"Live Now\",\"today\":\"Today\",\"ago\":\"ago\",\"last\":\"Last\",\"day\":\"day\",\"days\":\"days\",\"week\":\"week\",\"weeks\":\"weeks\",\"month\":\"month\",\"months\":\"months\",\"year\":\"year\",\"years\":\"years\",\"older\":\"Older\",\"show_more\":\"Show More\",\"show_less\":\"Show Less\",\"reply\":\"REPLY\",\"view_replies\":\"View replies\",\"write_comment\":\"Write comment...\",\"billion\":\"B\",\"million\":\"M\",\"thousand\":\"K\",\"max_plain_number\":1000,\"wplocale\":\"es_ES\"}};\r\n\t\t\t\t\t\t\tYRC.is_admin = false;\r\n\t\t\t\t\t\t\tvar script = document.createElement(\"script\");\r\n\t\t\t\t\t\t\t\tscript.setAttribute(\"data-cfasync\", \"false\");\r\n\t\t\t\t\t\t\t\tscript.setAttribute(\"type\", \"text\/javascript\");\r\n\t\t\t\t\t\t\t\tscript.src = \"https:\/\/layana.begueria.es\/wordpress\/wp-content\/plugins\/yourchannel\/js\/yrc.js?1.1.2\";\r\n\t\t\t\t\t\t\t\tscript.id = \"yrc-script\";\r\n\t\t\t\t\t\t\t\tdocument.querySelector(\"head\").appendChild(script);\r\n\t\t\t\t\t\t\tvar style = document.createElement(\"link\");\r\n\t\t\t\t\t\t\t\tstyle.rel = \"stylesheet\";\r\n\t\t\t\t\t\t\t\tstyle.href = \"https:\/\/layana.begueria.es\/wordpress\/wp-content\/plugins\/yourchannel\/css\/style.css?1.1.2\";\r\n\t\t\t\t\t\t\t\tstyle.type = \"text\/css\";\r\n\t\t\t\t\t\t\t\tdocument.querySelector(\"head\").appendChild(style);\r\n\t\t\t\t\t\t}\r\n\t\t\t\t\t\tif(window.jQuery){YRC_Loader();}else { var yrctimer2324 = window.setInterval(function(){\r\n\t\t\t\t\t\t\tif(window.jQuery){YRC_Loader(); window.clearInterval(yrctimer2324); }\r\n\t\t\t\t\t\t}, 250);}\r\n\t\t\t\t\t} else {if(YRC.EM)YRC.EM.trigger(\"yrc.newchannel\");}\r\n\t\t\t\t}());<\/script><\/td><\/tr><\/tbody><\/table><\/figure>\n<div class=\"pvc_clear\"><\/div><p class=\"pvc_stats all \" data-element-id=\"981\" style=\"\"><i class=\"pvc-stats-icon medium\" aria-hidden=\"true\"><svg aria-hidden=\"true\" focusable=\"false\" data-prefix=\"far\" data-icon=\"chart-bar\" role=\"img\" xmlns=\"http:\/\/www.w3.org\/2000\/svg\" viewBox=\"0 0 512 512\" class=\"svg-inline--fa fa-chart-bar fa-w-16 fa-2x\"><path fill=\"currentColor\" d=\"M396.8 352h22.4c6.4 0 12.8-6.4 12.8-12.8V108.8c0-6.4-6.4-12.8-12.8-12.8h-22.4c-6.4 0-12.8 6.4-12.8 12.8v230.4c0 6.4 6.4 12.8 12.8 12.8zm-192 0h22.4c6.4 0 12.8-6.4 12.8-12.8V140.8c0-6.4-6.4-12.8-12.8-12.8h-22.4c-6.4 0-12.8 6.4-12.8 12.8v198.4c0 6.4 6.4 12.8 12.8 12.8zm96 0h22.4c6.4 0 12.8-6.4 12.8-12.8V204.8c0-6.4-6.4-12.8-12.8-12.8h-22.4c-6.4 0-12.8 6.4-12.8 12.8v134.4c0 6.4 6.4 12.8 12.8 12.8zM496 400H48V80c0-8.84-7.16-16-16-16H16C7.16 64 0 71.16 0 80v336c0 17.67 14.33 32 32 32h464c8.84 0 16-7.16 16-16v-16c0-8.84-7.16-16-16-16zm-387.2-48h22.4c6.4 0 12.8-6.4 12.8-12.8v-70.4c0-6.4-6.4-12.8-12.8-12.8h-22.4c-6.4 0-12.8 6.4-12.8 12.8v70.4c0 6.4 6.4 12.8 12.8 12.8z\" class=\"\"><\/path><\/svg><\/i> &nbsp;1,145&nbsp;total views, &nbsp;4&nbsp;views today<\/p><div class=\"pvc_clear\"><\/div>","protected":false},"excerpt":{"rendered":"<p>Se presentan los videos que he ido grabando para distintos fines, incluyendo los did\u00e1cticos dirigidos a mis nietos que quer\u00edan aprender m\u00fasica. &nbsp;1,145&nbsp;total views, &nbsp;4&nbsp;views today<\/p>\n<div class=\"pvc_clear\"><\/div>\n<p class=\"pvc_stats all \" data-element-id=\"981\" style=\"\"><i class=\"pvc-stats-icon medium\" aria-hidden=\"true\"><svg aria-hidden=\"true\" focusable=\"false\" data-prefix=\"far\" data-icon=\"chart-bar\" role=\"img\" xmlns=\"http:\/\/www.w3.org\/2000\/svg\" viewBox=\"0 0 512 512\" class=\"svg-inline--fa fa-chart-bar fa-w-16 fa-2x\"><path fill=\"currentColor\" d=\"M396.8 352h22.4c6.4 0 12.8-6.4 12.8-12.8V108.8c0-6.4-6.4-12.8-12.8-12.8h-22.4c-6.4 0-12.8 6.4-12.8 12.8v230.4c0 6.4 6.4 12.8 12.8 12.8zm-192 0h22.4c6.4 0 12.8-6.4 12.8-12.8V140.8c0-6.4-6.4-12.8-12.8-12.8h-22.4c-6.4 0-12.8 6.4-12.8 12.8v198.4c0 6.4 6.4 12.8 12.8 12.8zm96 0h22.4c6.4 0 12.8-6.4 12.8-12.8V204.8c0-6.4-6.4-12.8-12.8-12.8h-22.4c-6.4 0-12.8 6.4-12.8 12.8v134.4c0 6.4 6.4 12.8 12.8 12.8zM496 400H48V80c0-8.84-7.16-16-16-16H16C7.16 64 0 71.16 0 80v336c0 17.67 14.33 32 32 32h464c8.84 0 16-7.16 16-16v-16c0-8.84-7.16-16-16-16zm-387.2-48h22.4c6.4 0 12.8-6.4 12.8-12.8v-70.4c0-6.4-6.4-12.8-12.8-12.8h-22.4c-6.4 0-12.8 6.4-12.8 12.8v70.4c0 6.4 6.4 12.8 12.8 12.8z\" class=\"\"><\/path><\/svg><\/i> &nbsp;1,145&nbsp;total views, &nbsp;4&nbsp;views today<\/p>\n<div class=\"pvc_clear\"><\/div>\n","protected":false},"author":2,"featured_media":0,"parent":0,"menu_order":0,"comment_status":"closed","ping_status":"closed","template":"","meta":{"_monsterinsights_skip_tracking":false,"_monsterinsights_sitenote_active":false,"_monsterinsights_sitenote_note":"","_monsterinsights_sitenote_category":0,"site-sidebar-layout":"default","site-content-layout":"default","ast-main-header-display":"","ast-hfb-above-header-display":"","ast-hfb-below-header-display":"","ast-hfb-mobile-header-display":"","site-post-title":"","ast-breadcrumbs-content":"","ast-featured-img":"","footer-sml-layout":"","theme-transparent-header-meta":"default","adv-header-id-meta":"","stick-header-meta":"","header-above-stick-meta":"","header-main-stick-meta":"","header-below-stick-meta":"","footnotes":""},"class_list":["post-981","page","type-page","status-publish","hentry"],"_links":{"self":[{"href":"https:\/\/layana.begueria.es\/index.php?rest_route=\/wp\/v2\/pages\/981","targetHints":{"allow":["GET"]}}],"collection":[{"href":"https:\/\/layana.begueria.es\/index.php?rest_route=\/wp\/v2\/pages"}],"about":[{"href":"https:\/\/layana.begueria.es\/index.php?rest_route=\/wp\/v2\/types\/page"}],"author":[{"embeddable":true,"href":"https:\/\/layana.begueria.es\/index.php?rest_route=\/wp\/v2\/users\/2"}],"replies":[{"embeddable":true,"href":"https:\/\/layana.begueria.es\/index.php?rest_route=%2Fwp%2Fv2%2Fcomments&post=981"}],"version-history":[{"count":8,"href":"https:\/\/layana.begueria.es\/index.php?rest_route=\/wp\/v2\/pages\/981\/revisions"}],"predecessor-version":[{"id":1003,"href":"https:\/\/layana.begueria.es\/index.php?rest_route=\/wp\/v2\/pages\/981\/revisions\/1003"}],"wp:attachment":[{"href":"https:\/\/layana.begueria.es\/index.php?rest_route=%2Fwp%2Fv2%2Fmedia&parent=981"}],"curies":[{"name":"wp","href":"https:\/\/api.w.org\/{rel}","templated":true}]}}